{"id":146,"date":"2024-10-25T11:07:10","date_gmt":"2024-10-25T11:07:10","guid":{"rendered":"https:\/\/dummy.xtemos.com\/woodmart2\/makeup-elementor\/?post_type=product&#038;p=146"},"modified":"2026-03-12T00:19:11","modified_gmt":"2026-03-12T00:19:11","slug":"care-body-hair-oil-mist-spf30-150ml","status":"publish","type":"product","link":"https:\/\/tema6.depodanmusteriye.com\/index.php\/urun\/care-body-hair-oil-mist-spf30-150ml\/","title":{"rendered":"Clarins Sun Care Oil Mist SPF 30 \u2013 V\u00fccut ve Sa\u00e7 \u0130\u00e7in Koruyucu Kuru Ya\u011f"},"content":{"rendered":"\t\t<div data-elementor-type=\"wp-post\" data-elementor-id=\"146\" class=\"elementor elementor-146\">\n\t\t\t\t<div class=\"wd-negative-gap elementor-element elementor-element-4ed6a78 e-flex e-con-boxed e-con e-parent\" data-id=\"4ed6a78\" data-element_type=\"container\">\n\t\t\t\t\t<div class=\"e-con-inner\">\n\t\t\t\t<div class=\"elementor-element elementor-element-a709ed2 elementor-widget elementor-widget-wd_text_block\" data-id=\"a709ed2\" data-element_type=\"widget\" data-widget_type=\"wd_text_block.default\">\n\t\t\t\t<div class=\"elementor-widget-container\">\n\t\t\t\t\t\t\t<div class=\"wd-text-block reset-last-child text-left\">\n\t\t\t\n\t\t\t<p data-path-to-node=\"2\"><b data-path-to-node=\"2\" data-index-in-node=\"0\">G\u00fcne\u015fin Alt\u0131nda \u0130peksi Bir Dokunu\u015f ve Tam Koruma.<\/b> Clarins\u2019in bu \u00e7ok ama\u00e7l\u0131 g\u00fcne\u015f ya\u011f\u0131, SPF 30 koruma fakt\u00f6r\u00fcyle hem v\u00fccudunuzu hem de sa\u00e7lar\u0131n\u0131z\u0131 g\u00fcne\u015fin kurutucu etkilerine kar\u015f\u0131 korur. \"Kuru ya\u011f\" teknolojisi sayesinde ciltte asla ya\u011fl\u0131 veya yap\u0131\u015fkan bir his b\u0131rakmaz; aksine cilde an\u0131nda emilerek satensi bir parlakl\u0131k ve yumu\u015fakl\u0131k kazand\u0131r\u0131r.<\/p><ul data-path-to-node=\"3\"><li><p data-path-to-node=\"3,0,0\"><b data-path-to-node=\"3,0,0\" data-index-in-node=\"0\">\u00c7ift Etkili Koruma (V\u00fccut &amp; Sa\u00e7):<\/b> Cildinizi UVA\/UVB \u0131\u015f\u0131nlar\u0131na kar\u015f\u0131 korurken, sa\u00e7 tellerinizin g\u00fcne\u015f, klor ve tuzlu su nedeniyle kuruyup y\u0131pranmas\u0131n\u0131 \u00f6nler.<\/p><\/li><li><p data-path-to-node=\"3,1,0\"><b data-path-to-node=\"3,1,0\" data-index-in-node=\"0\">Geli\u015fmi\u015f Bitkisel Kompleks:<\/b> Clarins'in \u00f6zel botanik \u00f6zleriyle zenginle\u015ftirilmi\u015f form\u00fcl\u00fc, cildi derinlemesine nemlendirir ve erken ya\u015flanma belirtilerine kar\u015f\u0131 h\u00fccre bazl\u0131 koruma sa\u011flar.<\/p><\/li><li><p data-path-to-node=\"3,2,0\"><b data-path-to-node=\"3,2,0\" data-index-in-node=\"0\">Ultra Hafif Kuru Ya\u011f Dokusu:<\/b> Sprey formu sayesinde e\u015fit ve kolay uygulama sunar. An\u0131nda emilen yap\u0131s\u0131, k\u0131yafetlerinize bula\u015fma riskini ortadan kald\u0131r\u0131r.<\/p><\/li><li><p data-path-to-node=\"3,3,0\"><b data-path-to-node=\"3,3,0\" data-index-in-node=\"0\">Suya ve Tere Dayan\u0131kl\u0131:<\/b> Uzun s\u00fcreli koruma performans\u0131 ile plajda veya havuz kenar\u0131nda g\u00fcvenle kullan\u0131labilir.<\/p><\/li><\/ul>\n\t\t\t\t\t<\/div>\n\t\t\t\t\t\t<\/div>\n\t\t\t\t<\/div>\n\t\t\t\t\t<\/div>\n\t\t\t\t<\/div>\n\t\t\t\t<\/div>\n\t\t\n    <div class=\"xs_social_share_widget xs_share_url after_content \t\tmain_content  wslu-style-1 wslu-share-box-shaped wslu-fill-colored wslu-none wslu-share-horizontal wslu-theme-font-no wslu-main_content\">\n\n\t\t\n        <ul>\n\t\t\t        <\/ul>\n    <\/div> \n","protected":false},"excerpt":{"rendered":"<p>G\u00fcne\u015fin Alt\u0131nda \u0130peksi Bir Dokunu\u015f ve Tam Koruma. Clarins\u2019in bu \u00e7ok ama\u00e7l\u0131 g\u00fcne\u015f ya\u011f\u0131, SPF 30 koruma fakt\u00f6r\u00fcyle hem v\u00fccudunuzu<\/p>\n","protected":false},"featured_media":163,"comment_status":"open","ping_status":"closed","template":"","meta":{"postBodyCss":"","postBodyMargin":[],"postBodyPadding":[],"postBodyBackground":{"backgroundType":"classic","gradient":""}},"product_brand":[227],"product_cat":[211,197],"product_tag":[],"class_list":{"0":"post-146","1":"product","2":"type-product","3":"status-publish","4":"has-post-thumbnail","6":"product_brand-svr","7":"product_cat-parfumler","8":"product_cat-sac-gunes-kremi","10":"first","11":"instock","12":"shipping-taxable","13":"purchasable","14":"product-type-simple"},"_links":{"self":[{"href":"https:\/\/tema6.depodanmusteriye.com\/index.php\/wp-json\/wp\/v2\/product\/146","targetHints":{"allow":["GET"]}}],"collection":[{"href":"https:\/\/tema6.depodanmusteriye.com\/index.php\/wp-json\/wp\/v2\/product"}],"about":[{"href":"https:\/\/tema6.depodanmusteriye.com\/index.php\/wp-json\/wp\/v2\/types\/product"}],"replies":[{"embeddable":true,"href":"https:\/\/tema6.depodanmusteriye.com\/index.php\/wp-json\/wp\/v2\/comments?post=146"}],"version-history":[{"count":4,"href":"https:\/\/tema6.depodanmusteriye.com\/index.php\/wp-json\/wp\/v2\/product\/146\/revisions"}],"predecessor-version":[{"id":16939,"href":"https:\/\/tema6.depodanmusteriye.com\/index.php\/wp-json\/wp\/v2\/product\/146\/revisions\/16939"}],"wp:featuredmedia":[{"embeddable":true,"href":"https:\/\/tema6.depodanmusteriye.com\/index.php\/wp-json\/wp\/v2\/media\/163"}],"wp:attachment":[{"href":"https:\/\/tema6.depodanmusteriye.com\/index.php\/wp-json\/wp\/v2\/media?parent=146"}],"wp:term":[{"taxonomy":"product_brand","embeddable":true,"href":"https:\/\/tema6.depodanmusteriye.com\/index.php\/wp-json\/wp\/v2\/product_brand?post=146"},{"taxonomy":"product_cat","embeddable":true,"href":"https:\/\/tema6.depodanmusteriye.com\/index.php\/wp-json\/wp\/v2\/product_cat?post=146"},{"taxonomy":"product_tag","embeddable":true,"href":"https:\/\/tema6.depodanmusteriye.com\/index.php\/wp-json\/wp\/v2\/product_tag?post=146"}],"curies":[{"name":"wp","href":"https:\/\/api.w.org\/{rel}","templated":true}]}}